{"id":9783,"date":"2023-09-04T16:07:36","date_gmt":"2023-09-04T14:07:36","guid":{"rendered":"https:\/\/hoteleiger.com\/?page_id=9783"},"modified":"2023-09-06T18:39:36","modified_gmt":"2023-09-06T16:39:36","slug":"datenschutz-4","status":"publish","type":"page","link":"https:\/\/hoteleiger.com\/en\/datenschutz-4\/","title":{"rendered":"Datenschutz-4"},"content":{"rendered":"<div data-elementor-type=\"wp-page\" data-elementor-id=\"9783\" class=\"elementor elementor-9783\" data-elementor-post-type=\"page\">\n\t\t\t\t\t\t<section class=\"elementor-section elementor-top-section elementor-element elementor-element-77dc9a4 elementor-section-boxed elementor-section-height-default elementor-section-height-default\" data-id=\"77dc9a4\" data-element_type=\"section\" data-e-type=\"section\" data-settings=\"{&quot;background_background&quot;:&quot;classic&quot;}\">\n\t\t\t\t\t\t<div class=\"elementor-container elementor-column-gap-default\">\n\t\t\t\t\t<div class=\"elementor-column elementor-col-100 elementor-top-column elementor-element elementor-element-125698b\" data-id=\"125698b\" data-element_type=\"column\" data-e-type=\"column\">\n\t\t\t<div class=\"elementor-widget-wrap elementor-element-populated\">\n\t\t\t\t\t\t<div class=\"elementor-element elementor-element-3605a9f elementor-icon-list--layout-inline elementor-align-center elementor-list-item-link-full_width elementor-widget elementor-widget-icon-list\" data-id=\"3605a9f\" data-element_type=\"widget\" data-e-type=\"widget\" data-widget_type=\"icon-list.default\">\n\t\t\t\t<div class=\"elementor-widget-container\">\n\t\t\t\t\t\t\t<ul class=\"elementor-icon-list-items elementor-inline-items\">\n\t\t\t\t\t\t\t<li class=\"elementor-icon-list-item elementor-inline-item\">\n\t\t\t\t\t\t\t\t\t\t\t<a href=\"https:\/\/hoteleiger.com\/en\/datenschutz-1\/\">\n\n\t\t\t\t\t\t\t\t\t\t\t<span class=\"elementor-icon-list-text\">1. Datenbearbeitung Webseite<\/span>\n\t\t\t\t\t\t\t\t\t\t\t<\/a>\n\t\t\t\t\t\t\t\t\t<\/li>\n\t\t\t\t\t\t\t\t<li class=\"elementor-icon-list-item elementor-inline-item\">\n\t\t\t\t\t\t\t\t\t\t\t<a href=\"https:\/\/hoteleiger.com\/en\/datenschutz-2\/\">\n\n\t\t\t\t\t\t\t\t\t\t\t<span class=\"elementor-icon-list-text\">2. Datenbearbeitung Aufenthalt<\/span>\n\t\t\t\t\t\t\t\t\t\t\t<\/a>\n\t\t\t\t\t\t\t\t\t<\/li>\n\t\t\t\t\t\t\t\t<li class=\"elementor-icon-list-item elementor-inline-item\">\n\t\t\t\t\t\t\t\t\t\t\t<a href=\"https:\/\/hoteleiger.com\/en\/datenschutz-3\/\">\n\n\t\t\t\t\t\t\t\t\t\t\t<span class=\"elementor-icon-list-text\">3. Plugins, Social Meida &amp; Apps<\/span>\n\t\t\t\t\t\t\t\t\t\t\t<\/a>\n\t\t\t\t\t\t\t\t\t<\/li>\n\t\t\t\t\t\t\t\t<li class=\"elementor-icon-list-item elementor-inline-item\">\n\t\t\t\t\t\t\t\t\t\t\t<a href=\"https:\/\/hoteleiger.com\/en\/datenschutz-4\/\">\n\n\t\t\t\t\t\t\t\t\t\t\t<span class=\"elementor-icon-list-text\">4. Speichern von Daten mit Dritten<\/span>\n\t\t\t\t\t\t\t\t\t\t\t<\/a>\n\t\t\t\t\t\t\t\t\t<\/li>\n\t\t\t\t\t\t\t\t<li class=\"elementor-icon-list-item elementor-inline-item\">\n\t\t\t\t\t\t\t\t\t\t\t<a href=\"https:\/\/hoteleiger.com\/en\/datenschutz-5\/\">\n\n\t\t\t\t\t\t\t\t\t\t\t<span class=\"elementor-icon-list-text\">5. Weitere Informationen<\/span>\n\t\t\t\t\t\t\t\t\t\t\t<\/a>\n\t\t\t\t\t\t\t\t\t<\/li>\n\t\t\t\t\t\t<\/ul>\n\t\t\t\t\t\t<\/div>\n\t\t\t\t<\/div>\n\t\t\t\t<div class=\"elementor-element elementor-element-e912004 elementor-widget elementor-widget-heading\" data-id=\"e912004\" data-element_type=\"widget\" data-e-type=\"widget\" data-widget_type=\"heading.default\">\n\t\t\t\t<div class=\"elementor-widget-container\">\n\t\t\t\t\t<h2 class=\"elementor-heading-title elementor-size-default\">4. STORAGE AND EXCHANGE OF DATA WITH THIRD PARTIES<\/h2>\t\t\t\t<\/div>\n\t\t\t\t<\/div>\n\t\t\t\t<div class=\"elementor-element elementor-element-e089de0 elementor-widget elementor-widget-text-editor\" data-id=\"e089de0\" data-element_type=\"widget\" data-e-type=\"widget\" data-widget_type=\"text-editor.default\">\n\t\t\t\t<div class=\"elementor-widget-container\">\n\t\t\t\t\t\t\t\t\t<p><b>4.1 BOOKING PLATFORMS<\/b><br \/>If you make bookings via a third-party platform, we receive various personal information from the respective platform operator. This is usually the data listed in section 1.4 of these data protection declarations. In addition, we may be forwarded enquiries about your booking. We will process this data by name in order to record your booking as requested and to provide the booked services. The legal basis of data processing for this purpose is the fulfilment of a contract according to Art. 6 para. 1 lit. b DSGVO.<\/p><p>Finally, we may be informed by the platform operators of disputes relating to a booking. In the process, we may also receive data on the booking process, which may include a copy of the booking confirmation as proof of the actual booking completion. We process this data to protect and enforce our claims. This is our legitimate interest within the meaning of Art. 6 para. 1 lit. f DSGVO.<\/p><p>Please also note the privacy policy of the respective provider.<\/p><p><b>4.2 CENTRAL STORAGE AND LINKING OF DATA<\/b><br \/>We store the data specified in sections 1.1 to 1.10 and 2.1 to 2.3 in a central electronic data processing system (CRM). The data concerning you is systematically recorded and linked for the purpose of processing your bookings and handling the contractual services or based on your consent. For this purpose, we use software from the company \"protel hotelsoftware Gmbh\" in DE-44269 Dortmund. The processing of personal data within the framework of a CRM programme takes place in the same software.<\/p><p>We base the processing of this data within the framework of the software on our legitimate interest within the meaning of Art. 6 para. 1 lit. f DSGVO in customer-friendly and efficient customer data management and on the implementation of contractual measures pursuant to Art. 6 para. 1 lit. b DSGVO.<\/p><p>To send you general information during or after your stay and offers tailored to you and your interests on products and services of our hotel by e-mail on the basis of the data we have about you. The information and offers received may also be based on your previous and current location within our hotel. If you have also provided us with your mobile phone number, we will use this to send you information and offers on your mobile device.<\/p><p>The legal basis for this data processing is your consent pursuant to Art. 6 para. 1 lit. a DSGVO. You can revoke your consent at any time with effect for the future.<\/p><p><b><br \/>4.3 STORAGE PERIOD<br \/><\/b><span style=\"color: var( --e-global-color-text ); font-family: var( --e-global-typography-text-font-family ), Sans-serif; font-size: var( --e-global-typography-text-font-size ); font-weight: var( --e-global-typography-text-font-weight );\">We only store personal data for as long as it is necessary to use the tracking services mentioned above as well as the further processing within the scope of our legitimate interest. We retain contractual data for longer, as this is required by legal retention obligations. Retention obligations that oblige us to retain data result from regulations on registration law, on accounting and from tax law. According to these regulations, business communication, concluded contracts and accounting vouchers must be kept for up to 10 years. As far as we no longer need this data to perform the services for you, the data will be blocked or marked. This means that the data may then only be used for internal purposes and accounting and tax purposes.<\/span><\/p><p><b><br \/>4.4 DISCLOSURE OF DATA TO THIRD PARTIES<br \/><\/b><br \/>As a matter of principle, we do not pass on your personal data. Exceptions are if you have expressly consented, if there is a legal obligation to do so or if this is necessary to enforce our rights, in particular to enforce claims arising from the contractual relationship. In addition, we pass on your data to third parties insofar as this is necessary in the context of the use of the website and the processing of contracts (also outside the website), namely the processing of your bookings.<br \/>Please also note the information in the preceding sections of this data protection declaration regarding the transfer of data to third parties.<\/p><p><b> 4.4.1 WEBMASTER<br \/><\/b><span style=\"color: var( --e-global-color-text ); font-family: var( --e-global-typography-text-font-family ), Sans-serif; font-size: var( --e-global-typography-text-font-size ); font-weight: var( --e-global-typography-text-font-weight );\">For the operation, maintenance and guarantee of the contractual offers on our website, we work together with our technical partners, which means that personal data is passed on or they may have access to it:<\/span><\/p><p><span style=\"color: var( --e-global-color-text ); font-family: var( --e-global-typography-text-font-family ), Sans-serif; font-size: var( --e-global-typography-text-font-size );\">wernedesign<br \/><\/span><span style=\"color: var( --e-global-color-text ); font-family: var( --e-global-typography-text-font-family ), Sans-serif; font-size: var( --e-global-typography-text-font-size );\">Frank Werne <br \/><\/span><span style=\"color: var( --e-global-color-text ); font-family: var( --e-global-typography-text-font-family ), Sans-serif; font-size: var( --e-global-typography-text-font-size );\">Dorfstrasse 32\u00a0\u00a0<br \/><\/span><span style=\"color: var( --e-global-color-text ); font-family: var( --e-global-typography-text-font-family ), Sans-serif; font-size: var( --e-global-typography-text-font-size );\">89257 Illertissen <br \/><\/span><span style=\"color: var( --e-global-color-text ); font-family: var( --e-global-typography-text-font-family ), Sans-serif; font-size: var( --e-global-typography-text-font-size );\">Germany<\/span><\/p><p>The websites are hosted on servers in Switzerland by the company tcNet GmbH, 3800 Interlaken. The data is passed on for the purpose of providing and maintaining the functionalities of our website. This is our legitimate interest within the meaning of Art. 6 Para. 1 lit. f DSGVO.<\/p><p><b>4.4.2 ROOM RESERVATION SYSTEMS<br \/><\/b><span style=\"color: var( --e-global-color-text ); font-family: var( --e-global-typography-text-font-family ), Sans-serif; font-size: var( --e-global-typography-text-font-size ); font-weight: var( --e-global-typography-text-font-weight );\">Personal data for room bookings on the website and third parties such as travel agencies or OTAs are processed by the following service providers:<\/span><\/p><p>\u2022 SQH Swiss Quality Hotels, St\u00e4fa<br \/>\u2022 Reconline AG, Zermatt<br \/>\u2022 Vertical Booking, Bergamo<\/p><p><b>4.2 CENTRAL STORAGE AND LINKING OF DATA<br \/><\/b><span style=\"color: var( --e-global-color-text ); font-family: var( --e-global-typography-text-font-family ), Sans-serif; font-size: var( --e-global-typography-text-font-size ); font-weight: var( --e-global-typography-text-font-weight );\">Personal data is consolidated by means of a CRM for the further development and improvement of our service to the guest, the software used by us on site comes from the company \"protel hotelsoftware Gmbh\" in DE-44269 Dortmund.<\/span><\/p><p><b>4.4.4 RESTAURANT RESERVATIONS<br \/><\/b><span style=\"color: var( --e-global-color-text ); font-family: var( --e-global-typography-text-font-family ), Sans-serif; font-size: var( --e-global-typography-text-font-size ); font-weight: var( --e-global-typography-text-font-weight );\">Personal data for restaurant reservations is currently only noted offline.<\/span><\/p><p><b>4.4.5 VOUCHERS<br \/><\/b><span style=\"color: var( --e-global-color-text ); font-family: var( --e-global-typography-text-font-family ), Sans-serif; font-size: var( --e-global-typography-text-font-size ); font-weight: var( --e-global-typography-text-font-weight );\">Personal data for purchases of event tickets and vouchers on the website are collected, processed and delivered by the following service providers:<\/span><\/p><p>Idea Creation GmbH<br \/>Walchestrasse 15<br \/>8006 Zurich<br \/>Switzerland<br \/>www.e-guma.ch<\/p><p><b>4.4.6 CREDIT CARD PAYMENT<br \/><\/b><span style=\"color: var( --e-global-color-text ); font-family: var( --e-global-typography-text-font-family ), Sans-serif; font-size: var( --e-global-typography-text-font-size ); font-weight: var( --e-global-typography-text-font-weight );\">We forward your credit card information to your credit card issuer and to the credit card acquirer when you pay by credit card on the website. We work together with the following partner:<\/span><\/p><p>Wordline Services<br \/>Hardturmstrasse 201<br \/>8021 Z\u00fcrich<br \/>www.six-payment-services.com<\/p><p>If you decide to pay by credit card, you will be asked to enter all mandatory information. The legal basis for the transfer of the data is the fulfilment of a contract according to Art. 6 para. 1 lit. b DSGVO. Regarding the processing of your credit card information by these third parties, we ask you to also read the general terms and conditions as well as the privacy policy of your credit card issuer.<\/p><p><b> 4.5 TRANSFER OF PERSONAL DATA ABROAD<br \/><\/b>We are also entitled to transfer your personal data to third party companies (commissioned service providers) abroad for the purpose of the data processing described in this data protection declaration. These are obligated to data protection to the same extent as we ourselves. If the level of data protection in a country does not correspond to that in Switzerland or the EU, we will ensure by contract that the protection of your personal data corresponds to that in Switzerland or the EU at all times.<\/p><p><b>4.5.1 NOTE ON DATA TRANSFERS TO THE USA<br \/><\/b><span style=\"color: var( --e-global-color-text ); font-family: var( --e-global-typography-text-font-family ), Sans-serif; font-size: var( --e-global-typography-text-font-size ); font-weight: var( --e-global-typography-text-font-weight );\">For the sake of completeness, we would like to point out for users resident or domiciled in the EU or Switzerland that there are surveillance measures in place in the USA by US authorities which generally allow the storage of all personal data of all persons whose data has been transferred from Switzerland or the EU to the USA. This is done without any differentiation, limitation or exception based on the objective pursued and without any objective criterion that would make it possible to limit the access of the US authorities to the data and their subsequent use to very specific, strictly limited purposes that are capable of justifying the intrusion associated with both the access to and the use of this data. Furthermore, we would like to point out that in the USA, data subjects from Switzerland and the EU do not have any legal remedies that allow them to obtain access to the data concerning them and to obtain their correction or deletion, or that there is no effective judicial legal protection against general access rights of US authorities. We explicitly draw the attention of the data subject to this legal and factual situation in order to make an appropriately informed decision to consent to the use of his or her data.<\/span><\/p><p>We would like to point out to users residing in a member state of the EU that the USA does not have a sufficient level of data protection from the perspective of the European Union - among other things due to the issues mentioned in this section. Insofar as we have explained in this data protection declaration that recipients of data (such as Google) are based in the USA, we will ensure either through contractual arrangements with these companies or by ensuring that these companies are certified under the EU or Swiss-US Privacy Shield that your data is protected at an appropriate level with our partners.<\/p><p>Status: 1.9.2023<\/p>\t\t\t\t\t\t\t\t<\/div>\n\t\t\t\t<\/div>\n\t\t\t\t\t<\/div>\n\t\t<\/div>\n\t\t\t\t\t<\/div>\n\t\t<\/section>\n\t\t\t\t<\/div>","protected":false},"excerpt":{"rendered":"<p>1. Datenbearbeitung Webseite 2. Datenbearbeitung Aufenthalt 3. Plugins, Social Meida &#038; Apps 4. Speichern von Daten mit Dritten 5. Weitere Informationen 4. SPEICHERN UND AUSTAUSCH VON DATEN MIT DRITTEN 4.1 BUCHUNGSPLATTFORMENSofern Sie Buchungen \u00fcber eine Drittplattform vornehmen, erhalten wir vom jeweiligen Plattformbetreiber verschiedene personenbezogene Informationen. Es handelt sich dabei in der Regel um die in [&hellip;]<\/p>\n","protected":false},"author":1,"featured_media":0,"parent":0,"menu_order":0,"comment_status":"closed","ping_status":"closed","template":"elementor_header_footer","meta":{"footnotes":""},"class_list":["post-9783","page","type-page","status-publish","hentry","wpbf-post"],"yoast_head":"<!-- This site is optimized with the Yoast SEO plugin v27.3 - https:\/\/yoast.com\/product\/yoast-seo-wordpress\/ -->\n<title>Datenschutz-4 | Hotel Eiger in M\u00fcrren, Jungfrauregion, Schweiz<\/title>\n<meta name=\"description\" content=\"Willkommen im Hotel Eiger im autofreien M\u00fcrren. Erleben Sie traumhafte Urlaubstage im famililengef\u00fchrten 4-Sterne-Hotel mit atemberaubenden Panoramablick auf die Berge Eiger, M\u00f6nch und Jungfrau %\" \/>\n<meta name=\"robots\" content=\"index, follow, max-snippet:-1, max-image-preview:large, max-video-preview:-1\" \/>\n<link rel=\"canonical\" href=\"https:\/\/hoteleiger.com\/en\/datenschutz-4\/\" \/>\n<meta property=\"og:locale\" content=\"en_GB\" \/>\n<meta property=\"og:type\" content=\"article\" \/>\n<meta property=\"og:title\" content=\"Datenschutz-4 | Hotel Eiger in M\u00fcrren, Jungfrauregion, Schweiz\" \/>\n<meta property=\"og:description\" content=\"Willkommen im Hotel Eiger im autofreien M\u00fcrren. Erleben Sie traumhafte Urlaubstage im famililengef\u00fchrten 4-Sterne-Hotel mit atemberaubenden Panoramablick auf die Berge Eiger, M\u00f6nch und Jungfrau %\" \/>\n<meta property=\"og:url\" content=\"https:\/\/hoteleiger.com\/en\/datenschutz-4\/\" \/>\n<meta property=\"og:site_name\" content=\"Hotel Eiger in M\u00fcrren, Jungfrauregion, Schweiz\" \/>\n<meta property=\"article:publisher\" content=\"https:\/\/facebook.com\/hoteleiger\" \/>\n<meta property=\"article:modified_time\" content=\"2023-09-06T16:39:36+00:00\" \/>\n<meta property=\"og:image\" content=\"https:\/\/hoteleiger.com\/wp-content\/uploads\/2022\/09\/gallery_Zimmer_view_02.jpg\" \/>\n\t<meta property=\"og:image:width\" content=\"900\" \/>\n\t<meta property=\"og:image:height\" content=\"604\" \/>\n\t<meta property=\"og:image:type\" content=\"image\/jpeg\" \/>\n<meta name=\"twitter:card\" content=\"summary_large_image\" \/>\n<meta name=\"twitter:label1\" content=\"Estimated reading time\" \/>\n\t<meta name=\"twitter:data1\" content=\"8 minutes\" \/>\n<script type=\"application\/ld+json\" class=\"yoast-schema-graph\">{\"@context\":\"https:\\\/\\\/schema.org\",\"@graph\":[{\"@type\":\"WebPage\",\"@id\":\"https:\\\/\\\/hoteleiger.com\\\/fr\\\/datenschutz-4\\\/\",\"url\":\"https:\\\/\\\/hoteleiger.com\\\/fr\\\/datenschutz-4\\\/\",\"name\":\"Datenschutz-4 | Hotel Eiger in M\u00fcrren, Jungfrauregion, Schweiz\",\"isPartOf\":{\"@id\":\"https:\\\/\\\/hoteleiger.com\\\/#website\"},\"datePublished\":\"2023-09-04T14:07:36+00:00\",\"dateModified\":\"2023-09-06T16:39:36+00:00\",\"description\":\"Willkommen im Hotel Eiger im autofreien M\u00fcrren. Erleben Sie traumhafte Urlaubstage im famililengef\u00fchrten 4-Sterne-Hotel mit atemberaubenden Panoramablick auf die Berge Eiger, M\u00f6nch und Jungfrau %\",\"breadcrumb\":{\"@id\":\"https:\\\/\\\/hoteleiger.com\\\/fr\\\/datenschutz-4\\\/#breadcrumb\"},\"inLanguage\":\"en-GB\",\"potentialAction\":[{\"@type\":\"ReadAction\",\"target\":[\"https:\\\/\\\/hoteleiger.com\\\/fr\\\/datenschutz-4\\\/\"]}]},{\"@type\":\"BreadcrumbList\",\"@id\":\"https:\\\/\\\/hoteleiger.com\\\/fr\\\/datenschutz-4\\\/#breadcrumb\",\"itemListElement\":[{\"@type\":\"ListItem\",\"position\":1,\"name\":\"Startseite\",\"item\":\"https:\\\/\\\/hoteleiger.com\\\/\"},{\"@type\":\"ListItem\",\"position\":2,\"name\":\"Datenschutz-4\"}]},{\"@type\":\"WebSite\",\"@id\":\"https:\\\/\\\/hoteleiger.com\\\/#website\",\"url\":\"https:\\\/\\\/hoteleiger.com\\\/\",\"name\":\"Hotel Eiger M\u00fcrren | Familiengef\u00fchrtes 4-Sterne Hotel mit traumhafter Eiger Bergsicht\",\"description\":\"Hotel Eiger in M\u00fcrren, Jungfrauregion, Schweiz\",\"publisher\":{\"@id\":\"https:\\\/\\\/hoteleiger.com\\\/#organization\"},\"alternateName\":\"Hotel Eiger M\u00fcrren\",\"potentialAction\":[{\"@type\":\"SearchAction\",\"target\":{\"@type\":\"EntryPoint\",\"urlTemplate\":\"https:\\\/\\\/hoteleiger.com\\\/?s={search_term_string}\"},\"query-input\":{\"@type\":\"PropertyValueSpecification\",\"valueRequired\":true,\"valueName\":\"search_term_string\"}}],\"inLanguage\":\"en-GB\"},{\"@type\":\"Organization\",\"@id\":\"https:\\\/\\\/hoteleiger.com\\\/#organization\",\"name\":\"Hotel Eiger M\u00fcrren\",\"alternateName\":\"Hotel Eiger\",\"url\":\"https:\\\/\\\/hoteleiger.com\\\/\",\"logo\":{\"@type\":\"ImageObject\",\"inLanguage\":\"en-GB\",\"@id\":\"https:\\\/\\\/hoteleiger.com\\\/#\\\/schema\\\/logo\\\/image\\\/\",\"url\":\"https:\\\/\\\/hoteleiger.com\\\/wp-content\\\/uploads\\\/2023\\\/02\\\/Eiger-Logo_696dpi.jpg\",\"contentUrl\":\"https:\\\/\\\/hoteleiger.com\\\/wp-content\\\/uploads\\\/2023\\\/02\\\/Eiger-Logo_696dpi.jpg\",\"width\":696,\"height\":696,\"caption\":\"Hotel Eiger M\u00fcrren\"},\"image\":{\"@id\":\"https:\\\/\\\/hoteleiger.com\\\/#\\\/schema\\\/logo\\\/image\\\/\"},\"sameAs\":[\"https:\\\/\\\/facebook.com\\\/hoteleiger\",\"https:\\\/\\\/www.instagram.com\\\/hoteleigermurren\\\/\",\"https:\\\/\\\/www.youtube.com\\\/@eigermurren\"]}]}<\/script>\n<!-- \/ Yoast SEO plugin. -->","yoast_head_json":{"title":"Datenschutz-4 | Hotel Eiger in M\u00fcrren, Jungfrauregion, Schweiz","description":"Willkommen im Hotel Eiger im autofreien M\u00fcrren. Erleben Sie traumhafte Urlaubstage im famililengef\u00fchrten 4-Sterne-Hotel mit atemberaubenden Panoramablick auf die Berge Eiger, M\u00f6nch und Jungfrau %","robots":{"index":"index","follow":"follow","max-snippet":"max-snippet:-1","max-image-preview":"max-image-preview:large","max-video-preview":"max-video-preview:-1"},"canonical":"https:\/\/hoteleiger.com\/en\/datenschutz-4\/","og_locale":"en_GB","og_type":"article","og_title":"Datenschutz-4 | Hotel Eiger in M\u00fcrren, Jungfrauregion, Schweiz","og_description":"Willkommen im Hotel Eiger im autofreien M\u00fcrren. Erleben Sie traumhafte Urlaubstage im famililengef\u00fchrten 4-Sterne-Hotel mit atemberaubenden Panoramablick auf die Berge Eiger, M\u00f6nch und Jungfrau %","og_url":"https:\/\/hoteleiger.com\/en\/datenschutz-4\/","og_site_name":"Hotel Eiger in M\u00fcrren, Jungfrauregion, Schweiz","article_publisher":"https:\/\/facebook.com\/hoteleiger","article_modified_time":"2023-09-06T16:39:36+00:00","og_image":[{"width":900,"height":604,"url":"https:\/\/hoteleiger.com\/wp-content\/uploads\/2022\/09\/gallery_Zimmer_view_02.jpg","type":"image\/jpeg"}],"twitter_card":"summary_large_image","twitter_misc":{"Estimated reading time":"8 minutes"},"schema":{"@context":"https:\/\/schema.org","@graph":[{"@type":"WebPage","@id":"https:\/\/hoteleiger.com\/fr\/datenschutz-4\/","url":"https:\/\/hoteleiger.com\/fr\/datenschutz-4\/","name":"Datenschutz-4 | Hotel Eiger in M\u00fcrren, Jungfrauregion, Schweiz","isPartOf":{"@id":"https:\/\/hoteleiger.com\/#website"},"datePublished":"2023-09-04T14:07:36+00:00","dateModified":"2023-09-06T16:39:36+00:00","description":"Willkommen im Hotel Eiger im autofreien M\u00fcrren. Erleben Sie traumhafte Urlaubstage im famililengef\u00fchrten 4-Sterne-Hotel mit atemberaubenden Panoramablick auf die Berge Eiger, M\u00f6nch und Jungfrau %","breadcrumb":{"@id":"https:\/\/hoteleiger.com\/fr\/datenschutz-4\/#breadcrumb"},"inLanguage":"en-GB","potentialAction":[{"@type":"ReadAction","target":["https:\/\/hoteleiger.com\/fr\/datenschutz-4\/"]}]},{"@type":"BreadcrumbList","@id":"https:\/\/hoteleiger.com\/fr\/datenschutz-4\/#breadcrumb","itemListElement":[{"@type":"ListItem","position":1,"name":"Startseite","item":"https:\/\/hoteleiger.com\/"},{"@type":"ListItem","position":2,"name":"Datenschutz-4"}]},{"@type":"WebSite","@id":"https:\/\/hoteleiger.com\/#website","url":"https:\/\/hoteleiger.com\/","name":"Hotel Eiger M\u00fcrren | Familiengef\u00fchrtes 4-Sterne Hotel mit traumhafter Eiger Bergsicht","description":"Hotel Eiger in M\u00fcrren, Jungfrauregion, Schweiz","publisher":{"@id":"https:\/\/hoteleiger.com\/#organization"},"alternateName":"Hotel Eiger M\u00fcrren","potentialAction":[{"@type":"SearchAction","target":{"@type":"EntryPoint","urlTemplate":"https:\/\/hoteleiger.com\/?s={search_term_string}"},"query-input":{"@type":"PropertyValueSpecification","valueRequired":true,"valueName":"search_term_string"}}],"inLanguage":"en-GB"},{"@type":"Organization","@id":"https:\/\/hoteleiger.com\/#organization","name":"Hotel Eiger M\u00fcrren","alternateName":"Hotel Eiger","url":"https:\/\/hoteleiger.com\/","logo":{"@type":"ImageObject","inLanguage":"en-GB","@id":"https:\/\/hoteleiger.com\/#\/schema\/logo\/image\/","url":"https:\/\/hoteleiger.com\/wp-content\/uploads\/2023\/02\/Eiger-Logo_696dpi.jpg","contentUrl":"https:\/\/hoteleiger.com\/wp-content\/uploads\/2023\/02\/Eiger-Logo_696dpi.jpg","width":696,"height":696,"caption":"Hotel Eiger M\u00fcrren"},"image":{"@id":"https:\/\/hoteleiger.com\/#\/schema\/logo\/image\/"},"sameAs":["https:\/\/facebook.com\/hoteleiger","https:\/\/www.instagram.com\/hoteleigermurren\/","https:\/\/www.youtube.com\/@eigermurren"]}]}},"_links":{"self":[{"href":"https:\/\/hoteleiger.com\/en\/wp-json\/wp\/v2\/pages\/9783","targetHints":{"allow":["GET"]}}],"collection":[{"href":"https:\/\/hoteleiger.com\/en\/wp-json\/wp\/v2\/pages"}],"about":[{"href":"https:\/\/hoteleiger.com\/en\/wp-json\/wp\/v2\/types\/page"}],"author":[{"embeddable":true,"href":"https:\/\/hoteleiger.com\/en\/wp-json\/wp\/v2\/users\/1"}],"replies":[{"embeddable":true,"href":"https:\/\/hoteleiger.com\/en\/wp-json\/wp\/v2\/comments?post=9783"}],"version-history":[{"count":0,"href":"https:\/\/hoteleiger.com\/en\/wp-json\/wp\/v2\/pages\/9783\/revisions"}],"wp:attachment":[{"href":"https:\/\/hoteleiger.com\/en\/wp-json\/wp\/v2\/media?parent=9783"}],"curies":[{"name":"wp","href":"https:\/\/api.w.org\/{rel}","templated":true}]}}